{"id":274,"date":"2022-08-01T19:41:55","date_gmt":"2022-08-01T23:41:55","guid":{"rendered":"http:\/\/www.csfda.cl\/beta\/presentacion-del-colegio\/formacion-academica\/departamentos\/educacion-fisica\/"},"modified":"2026-05-20T12:24:28","modified_gmt":"2026-05-20T16:24:28","slug":"educacion-fisica","status":"publish","type":"page","link":"https:\/\/www.colegiosanfranciscodeasis.cl\/csfda\/presentacion-del-colegio\/formacion-academica\/departamentos\/educacion-fisica\/","title":{"rendered":"Educaci\u00f3n F\u00edsica"},"content":{"rendered":"<p>La Educaci\u00f3n F\u00edsica tiene especial relaci\u00f3n con la fortaleza cristiana y con la moderaci\u00f3n. Para disciplinar al hombre, primero es necesario disciplinar el cuerpo. En ella, se presupone un cierto sentido del esfuerzo, de la superaci\u00f3n de dificultades, de la espera paciente para alcanzar resultados, de la pr\u00e1ctica ordenada y reiterada de ejercicios hasta alcanzar lo que se desea.<\/p>\n<p>Existe una primera aproximaci\u00f3n a la educaci\u00f3n f\u00edsica, la que se mantendr\u00e1 durante todo el tiempo que se est\u00e9 en el Colegio, relacionada con la obediencia y la realizaci\u00f3n de actividades en equipo.<\/p>\n<p>Nuestro Colegio asigna un lugar muy importante a Educaci\u00f3n F\u00edsica para la formaci\u00f3n de los j\u00f3venes. Es por esto que su Plan de Estudio, desde Pre K\u00ednder a IV Medio, contempla esta asignatura en forma obligatoria para todos los alumnos, cuidando de no disminuir su n\u00famero de horas a medida que se acerca el fin de la etapa escolar.<\/p>\n<p>Por otro lado, la corporeidad del hombre y la de la mujer difieren espec\u00edficamente. Esa distinci\u00f3n ser\u00e1 salvaguardada en nuestro Colegio, de manera que la pr\u00e1ctica f\u00edsica no es del mismo modo ni tipo para hombres ni para mujeres. Las clases de Educaci\u00f3n F\u00edsica se hacen por separado y su planificaci\u00f3n busca diferenciarse en cuanto a la metodolog\u00eda, contenidos espec\u00edficos, intensidad de los ejercicios y utilizaci\u00f3n de implementos.<\/p>\n<p>Adem\u00e1s, durante la jornada de clases de 7\u00b0 B\u00e1sico a IV Medio, una vez al semestre se realiza Monta\u00f1ismo.<\/p>\n<p>En Jornada Extraprogram\u00e1tica se ofrece:<\/p>\n<ul>\n<li>Entrenamientos de iniciaci\u00f3n deportiva<\/li>\n<li>Entrenamientos de Atletismo.<\/li>\n<li>Entrenamientos de V\u00f3leibol<\/li>\n<li>Entrenamientos de F\u00fatbol<\/li>\n<li>Exploradores de As\u00eds<\/li>\n<\/ul>\n<p>Algunos de ellos se practican en las canchas del Colegio y otros, en las canchas de alg\u00fan estadio cercano.<\/p>\n<p>Si usted quiere profundizar m\u00e1s en la asignatura, puede ver Fundamentos de Educaci\u00f3n F\u00edsica.<\/p>\n<h3>Fundamentos de Educaci\u00f3n F\u00edsica<\/h3>\n<p>La Educaci\u00f3n F\u00edsica tiene especial relaci\u00f3n con la fortaleza cristiana y con la moderaci\u00f3n. Para disciplinar al hombre, primero es necesario disciplinar el cuerpo. En ella, se presupone un cierto sentido del esfuerzo, de la superaci\u00f3n de dificultades, de la espera paciente para alcanzar resultados, de la pr\u00e1ctica ordenada y reiterada de ejercicios hasta alcanzar lo que se desea.<\/p>\n<p>Existe una primera aproximaci\u00f3n a la Educaci\u00f3n F\u00edsica, la que se mantendr\u00e1 durante todo el tiempo que se est\u00e9 en el Colegio, relacionada con la obediencia y la realizaci\u00f3n de actividades en equipo. Es por esto que nuestro Colegio asigna un lugar muy importante a Educaci\u00f3n F\u00edsica para la formaci\u00f3n de los j\u00f3venes. Su Plan de Estudio, desde Pre K\u00ednder a IV Medio, contempla esta asignatura en forma obligatoria para todos los alumnos, cuidando de no disminuir su n\u00famero de horas a medida que se acerca el fin de la etapa escolar.<\/p>\n<p>Por otro lado, la corporeidad del hombre y la de la mujer difieren espec\u00edficamente. Esa distinci\u00f3n ser\u00e1 salvaguardada en nuestro colegio, de manera que la pr\u00e1ctica f\u00edsica no es del mismo modo ni tipo para hombres y para mujeres. La educaci\u00f3n con respecto al cuerpo lo busca ordenar para que no se exprese solo una dimensi\u00f3n de la persona, sino que la integridad de esta. Debido a esto, las clases de Educaci\u00f3n F\u00edsica se hacen por separado: las alumnas tienen profesoras y los alumnos, profesores. Su planificaci\u00f3n busca diferenciarse en cuanto a la metodolog\u00eda, contenidos espec\u00edficos, intensidad de los ejercicios y utilizaci\u00f3n de implementos. En ambos casos se trabaja el autocontrol del cuerpo, su dominio y su desarrollo f\u00edsico arm\u00f3nico, a la vez que se busca fortalecer el esp\u00edritu ante a la adversidad. En los hombres se da un mayor \u00e9nfasis en la superaci\u00f3n del cansancio f\u00edsico.<\/p>\n<p>Durante la jornada de clases, los alumnos de Pre K\u00ednder y Kinder tienen dos horas de Educaci\u00f3n F\u00edsica, divididas en dos d\u00edas. Adem\u00e1s, dada la importancia de la vivencia motriz a esta edad y su implicancia en el desarrollo de las habilidades cognitivas, los alumnos realizan tres veces por semana (alternados con las clases de Educaci\u00f3n F\u00edsica) un circuito de estimulaci\u00f3n neuromotor.<\/p>\n<p>De 1\u00ba a 3\u00ba B\u00e1sico se tienen tres horas semanales de clases, divididas en dos d\u00edas.<\/p>\n<p>De 4\u00ba B\u00e1sico a IV Medio, los alumnos tienen cuatro horas de Educaci\u00f3n F\u00edsica, divididas en dos bloques de dos horas: un bloque de Educaci\u00f3n F\u00edsica, en las cuales se trabajan contenidos de preparaci\u00f3n f\u00edsica; en tanto que en el otro bloque se trabaja en deportes: se divide el grupo de acuerdo a quienes componen la Selecci\u00f3n de Atletismo y la Selecci\u00f3n de V\u00f3leibol, en el caso de las mujeres, y la Selecci\u00f3n de F\u00fatbol y la Selecci\u00f3n de Atletismo, en el caso de los hombres. En esas instancias se van desarrollando y perfeccionando, a nivel competitivo, estas disciplinas. Los alumnos que no participan en una selecci\u00f3n entran a un Plan Com\u00fan, en el cual se trabajan, adem\u00e1s, otros deportes \u2013gimnasia, b\u00e1squetbol, tenis, entre otros. Para lograr esto \u00faltimo, desde 7\u00ba B\u00e1sico en adelante se cuenta con seis profesores a cargo de estas actividades.<\/p>\n<p>Tambi\u00e9n durante la jornada de clases, de 7\u00b0 B\u00e1sico a IV Medio, una vez al semestre se realiza Monta\u00f1ismo. Esta actividad tiene como objetivo conocer las principales cumbres que rodean la ciudad de Santiago y desarrollar diferentes contenidos de vida en naturaleza, como t\u00e9cnicas de marcha, orientaci\u00f3n terrestre y geogr\u00e1fica, conocimiento y reconocimiento de flora y fauna de los lugares, y conceptos b\u00e1sicos de monta\u00f1ismo.<\/p>\n<p>Durante las tardes, de lunes a viernes, se ofrecen diferentes actividades extraprogram\u00e1ticas deportivas. Algunas de ellas se practican en las canchas del colegio y otras, en las canchas de alg\u00fan estadio cercano.<\/p>\n<p>Exploradores de As\u00eds se ofrece para alumnos de 4\u00b0 a 6\u00b0 B\u00e1sico. El objetivo es realizar actividades al aire libre, enfocadas en desarrollar conocimientos de monta\u00f1a, conocimientos del entorno geogr\u00e1fico y natural, conocimientos b\u00e1sicos de sobrevivencia, armado de campamento y juegos recreativos, entre otros aspectos.<\/p>\n<p>Se ofrecen tambi\u00e9n entrenamientos de iniciaci\u00f3n deportiva, F\u00fatbol, V\u00f3leibol y Atletismo. La raz\u00f3n de ofrecer solo estos entrenamientos se debe a la intenci\u00f3n del colegio de no propiciar la dispersi\u00f3n, sino que, al ser pocos alumnos, debemos fomentar la unidad.<\/p>\n<h3>Deportes que se practican<\/h3>\n<h4>Iniciaci\u00f3n deportiva<\/h4>\n<p>Para mujeres y hombres de 1\u00ba y 2\u00ba B\u00e1sico.<\/p>\n<h4>Atletismo<\/h4>\n<p>Para mujeres y hombres desde 3\u00ba B\u00e1sico a IV Medio.<\/p>\n<h4>V\u00f3leibol<\/h4>\n<p>Para mujeres desde 3\u00ba B\u00e1sico a IV Medio.<\/p>\n<h4>F\u00fatbol<\/h4>\n<p>Para hombres desde 3\u00ba B\u00e1sico a IV Medio.<\/p>\n<h4>Exploradores de As\u00eds<\/h4>\n<p>El grupo Exploradores de As\u00eds, conformado por hombres de 4\u00ba a 6\u00ba B\u00e1sico, realiza diferentes actividades al aire libre relacionadas con el trabajo en equipo y con el cuidado y entendimiento del medio ambiente.<\/p>\n<p>Se estudian y practican los principios b\u00e1sicos de caminatas de monta\u00f1as y campamentos, algunos conceptos de meteorolog\u00eda, conocimientos del entorno geogr\u00e1fico y natural, conocimientos b\u00e1sicos de sobrevivencia, juegos recreativos y, finalmente, se realizan salidas a terreno.<\/p>\n<h3>Monta\u00f1ismo<\/h3>\n<p>Como parte de la ense\u00f1anza que el colegio quiere entregar a los j\u00f3venes, a partir de 7\u00ba B\u00e1sico se introduce en el curr\u00edculum la actividad de Monta\u00f1ismo. Esta tiene como objetivo conocer el cord\u00f3n monta\u00f1oso que rodea Santiago y se realiza a trav\u00e9s de caminatas guiadas por dos profesores, por distintas rutas de cerros cercanos. Cada curso realiza durante su jornada de clases dos de estas salidas anualmente, una en cada semestre, con lo que al terminar este programa, cada alumno ha ascendido a alrededor de diez cumbres o cerros de la precordillera cercana.<\/p>\n<p>&nbsp;<\/p>\n","protected":false},"excerpt":{"rendered":"<p>La Educaci\u00f3n F\u00edsica tiene especial relaci\u00f3n con la fortaleza cristiana y con la moderaci\u00f3n. Para disciplinar al hombre, primero es necesario disciplinar el cuerpo. En ella, se presupone un cierto sentido del esfuerzo, de la superaci\u00f3n de dificultades, de la espera paciente<a class=\"read-more\" href=\"https:\/\/www.colegiosanfranciscodeasis.cl\/csfda\/presentacion-del-colegio\/formacion-academica\/departamentos\/educacion-fisica\/\" rel=\"nofollow\">[&#8230;]<\/a><\/p>\n","protected":false},"author":1,"featured_media":0,"parent":77,"menu_order":210,"comment_status":"closed","ping_status":"closed","template":"page-texto-imagen.php","meta":{"footnotes":""},"class_list":["post-274","page","type-page","status-publish","hentry","odd"],"_links":{"self":[{"href":"https:\/\/www.colegiosanfranciscodeasis.cl\/csfda\/wp-json\/wp\/v2\/pages\/274","targetHints":{"allow":["GET"]}}],"collection":[{"href":"https:\/\/www.colegiosanfranciscodeasis.cl\/csfda\/wp-json\/wp\/v2\/pages"}],"about":[{"href":"https:\/\/www.colegiosanfranciscodeasis.cl\/csfda\/wp-json\/wp\/v2\/types\/page"}],"author":[{"embeddable":true,"href":"https:\/\/www.colegiosanfranciscodeasis.cl\/csfda\/wp-json\/wp\/v2\/users\/1"}],"replies":[{"embeddable":true,"href":"https:\/\/www.colegiosanfranciscodeasis.cl\/csfda\/wp-json\/wp\/v2\/comments?post=274"}],"version-history":[{"count":5,"href":"https:\/\/www.colegiosanfranciscodeasis.cl\/csfda\/wp-json\/wp\/v2\/pages\/274\/revisions"}],"predecessor-version":[{"id":25815,"href":"https:\/\/www.colegiosanfranciscodeasis.cl\/csfda\/wp-json\/wp\/v2\/pages\/274\/revisions\/25815"}],"up":[{"embeddable":true,"href":"https:\/\/www.colegiosanfranciscodeasis.cl\/csfda\/wp-json\/wp\/v2\/pages\/77"}],"wp:attachment":[{"href":"https:\/\/www.colegiosanfranciscodeasis.cl\/csfda\/wp-json\/wp\/v2\/media?parent=274"}],"curies":[{"name":"wp","href":"https:\/\/api.w.org\/{rel}","templated":true}]}}